{"id":135,"date":"2016-02-09T13:36:32","date_gmt":"2016-02-09T13:36:32","guid":{"rendered":"http:\/\/bode.staging.77ps.de\/?page_id=135"},"modified":"2018-04-27T11:28:06","modified_gmt":"2018-04-27T11:28:06","slug":"impressum","status":"publish","type":"page","link":"https:\/\/getraenke-bode.de\/index.php\/impressum\/","title":{"rendered":"Impressum"},"content":{"rendered":"<h1>Impressum<\/h1>\n<p><strong>Getr\u00e4nkefachhandel Otto Bode<\/strong><\/p>\n<p>Inhaber Bernd Bode<\/p>\n<p>Lindhorster Stra\u00dfe 28<br \/>\n21218 Seevetal \/ Hittfeld<\/p>\n<p>Tel.: 04105 &#8211; 52693<br \/>\nFax: 04105 &#8211; 54420<br \/>\nE-Mail: <a href=\"mailto:info@getraenke-bode.de\">info@getraenke-bode.de<\/a><\/p>\n<p>Registergericht: Amtsgericht L\u00fcneburg<br \/>\nRegisternummer: HRA 110293<br \/>\nUmsatzsteuer-Identifikationsnummer gem\u00e4\u00df \u00a7 27 a<br \/>\nUmsatzsteuergesetz: DE 184249099<\/p>\n<p>&nbsp;<\/p>\n<p>&nbsp;<\/p>\n<p>&nbsp;<\/p>\n<p><strong><span style=\"color: #777777; line-height: 115%; font-family: 'Arial','sans-serif'; font-size: 9pt;\">1. Inhalt\u00a0<\/span><\/strong><span style=\"color: #777777; line-height: 115%; font-family: 'Arial','sans-serif'; font-size: 9pt;\"><br \/>\nDer Betreiber der Seite <strong>www.getraenke-bode.de\u00a0<\/strong>\u00fcbernimmt keinerlei Gew\u00e4hr f\u00fcr die Aktualit\u00e4t, Korrektheit, Vollst\u00e4ndigkeit oder Qualit\u00e4t der bereitgestellten Informationen. Haftungsanspr\u00fcche gegen den Betreiber, welche sich auf Sch\u00e4den materieller oder ideeller Art beziehen, die durch die Nutzung oder Nichtnutzung der dargebotenen Informationen bzw. durch die Nutzung fehlerhafter und unvollst\u00e4ndiger Informationen verursacht wurden, sind grunds\u00e4tzlich ausgeschlossen, sofern seitens des Betreibers kein nachweislich vors\u00e4tzliches oder grob fahrl\u00e4ssiges Verschulden vorliegt.<br \/>\nAlle Angebote sind freibleibend und unverbindlich. Der Betreiber beh\u00e4lt es sich ausdr\u00fccklich vor, Teile der Seiten oder das gesamte Angebot ohne gesonderte Ank\u00fcndigung zu ver\u00e4ndern, zu erg\u00e4nzen, zu l\u00f6schen oder die Ver\u00f6ffentlichung zeitweise oder endg\u00fcltig einzustellen.<\/span><\/p>\n<p><strong><span style=\"color: #777777; line-height: 115%; font-family: 'Arial','sans-serif'; font-size: 9pt;\">2.Verweise und Links<\/span><\/strong><span style=\"color: #777777; line-height: 115%; font-family: 'Arial','sans-serif'; font-size: 9pt;\"><br \/>\nBei direkten oder indirekten Verweisen auf fremde Webseiten (&#8222;Hyperlinks&#8220;), die au\u00dferhalb des Verantwortungsbereiches des Betreibers liegen, w\u00fcrde eine Haftungsverpflichtung ausschlie\u00dflich in dem Fall in Kraft treten, in dem der Betreiber von den Inhalten Kenntnis hat und es ihm technisch m\u00f6glich und zumutbar w\u00e4re, die Nutzung im Falle rechtswidriger Inhalte zu verhindern.<br \/>\nDer\u00a0Betreiber erkl\u00e4rt hiermit ausdr\u00fccklich, dass zum Zeitpunkt der Linksetzung keine illegalen Inhalte auf den zu verlinkenden Seiten erkennbar waren. Auf die aktuelle und zuk\u00fcnftige Gestaltung, die Inhalte oder die Urheberschaft der gelinkten\/verkn\u00fcpften Seiten hat der Betreiber keinerlei Einfluss. Deshalb distanziert er sich hiermit ausdr\u00fccklich von allen Inhalten aller gelinkten \/verkn\u00fcpften Seiten, die nach der Linksetzung ver\u00e4ndert wurden. Diese Feststellung gilt f\u00fcr alle innerhalb des eigenen Internetangebotes gesetzten Links und Verweise sowie f\u00fcr Fremdeintr\u00e4ge in vom Betreiber eingerichteten G\u00e4steb\u00fcchern, Diskussionsforen und Mailinglisten. F\u00fcr illegale, fehlerhafte oder unvollst\u00e4ndige Inhalte und insbesondere f\u00fcr Sch\u00e4den, die aus der Nutzung oder Nichtnutzung solcherart dargebotener Informationen entstehen, haftet allein der Anbieter der Seite, auf welche verwiesen wurde, nicht derjenige, der \u00fcber Links auf die jeweilige Ver\u00f6ffentlichung lediglich verweist.<\/span><\/p>\n<p><strong><span style=\"color: #777777; line-height: 115%; font-family: 'Arial','sans-serif'; font-size: 9pt;\">3. Urheber- und Kennzeichenrecht<\/span><\/strong><span style=\"color: #777777; line-height: 115%; font-family: 'Arial','sans-serif'; font-size: 9pt;\"><br \/>\nDer Betreiber ist bestrebt, in allen Publikationen die Urheberrechte der verwendeten Grafiken, Tondokumente, Videosequenzen und Texte zu beachten, von ihm selbst erstellte Grafiken, Tondokumente, Videosequenzen und Texte zu nutzen oder auf lizenzfreie Grafiken, Tondokumente, Videosequenzen und Texte zur\u00fcckzugreifen.<br \/>\nAlle innerhalb des Internetangebotes genannten und ggf. durch Dritte gesch\u00fctzten Marken- und Warenzeichen unterliegen uneingeschr\u00e4nkt den Bestimmungen des jeweils g\u00fcltigen Kennzeichenrechts und den Besitzrechten der jeweiligen eingetragenen Eigent\u00fcmer. Allein aufgrund der blo\u00dfen Nennung ist nicht der Schluss zu ziehen, dass Markenzeichen nicht durch Rechte Dritter gesch\u00fctzt sind!<br \/>\nDas Copyright f\u00fcr ver\u00f6ffentlichte, vom Betreiber selbst erstellte Objekte bleibt allein beim Betreiber der Seiten. Eine Vervielf\u00e4ltigung oder Verwendung solcher Grafiken, Tondokumente, Videosequenzen und Texte in anderen elektronischen oder gedruckten Publikationen ist ohne ausdr\u00fcckliche Zustimmung des Betreibers nicht gestattet.<\/span><\/p>\n<p>4<span style=\"font-family: 'Arial','sans-serif';\">. Rechtswirksamkeit dieses Haftungsausschlusses<\/span><br \/>\nDieser Haftungsausschluss ist als Teil des Internetangebotes zu betrachten, von dem aus auf diese Seite verwiesen wurde. Sofern Teile oder einzelne Formulierungen dieses Textes der geltenden Rechtslage nicht, nicht mehr oder nicht vollst\u00e4ndig entsprechen sollten, bleiben die \u00fcbrigen Teile des Dokumentes in ihrem Inhalt und ihrer G\u00fcltigkeit davon unber\u00fchrt.<\/p>\n<p>&nbsp;<\/p>\n<h2>Konzeption, Gestaltung &amp; Realisierung:<\/h2>\n<p>Hansen Crossmedia<br \/>\nL\u00f6hnfeld 26<br \/>\n21423 Winsen (Luhe)<br \/>\nFon 04171 \u2013 6672494<br \/>\n<a href=\"http:\/\/www.hansen-crossmedia.de\">www.hansen-crossmedia.de<\/a><br \/>\n\u00a9Hansen Crossmedia 2018<\/p>\n<p>&nbsp;<\/p>\n<h2>Bilder<\/h2>\n<p>Getr\u00e4nkefachhandel Otto Bode<strong><br \/>\n<\/strong>\u00a9 Hoda Bogdan \u2013 fotolia.com<br \/>\n\u00a9 Syda Productions \u2013 fotolia.com<br \/>\n\u00a9 contrastwerkstatt \u2013 fotolia.com<br \/>\n\u00a9 Stockphoto-graf \u2013 fotolia.com<br \/>\n\u00a9 WavebreakmediaMicro \u2013 fotolia.com<br \/>\n\u00a9 sunnychicka \u2013 fotolia.com<\/p>\n<p>&nbsp;<\/p>","protected":false},"excerpt":{"rendered":"<p>Impressum Getr\u00e4nkefachhandel Otto Bode Inhaber Bernd Bode Lindhorster Stra\u00dfe 28 21218 Seevetal \/ Hittfeld Tel.: 04105 &#8211; 52693 Fax: 04105 &#8211; 54420 E-Mail: info@getraenke-bode.de Registergericht: Amtsgericht L\u00fcneburg Registernummer: HRA 110293 Umsatzsteuer-Identifikationsnummer gem\u00e4\u00df \u00a7 27 a Umsatzsteuergesetz: DE 184249099 &nbsp; &nbsp; &nbsp; 1. Inhalt\u00a0 Der Betreiber der Seite www.getraenke-bode.de\u00a0\u00fcbernimmt keinerlei Gew\u00e4hr f\u00fcr die Aktualit\u00e4t, Korrektheit, Vollst\u00e4ndigkeit [&hellip;]<\/p>\n","protected":false},"author":1,"featured_media":0,"parent":0,"menu_order":0,"comment_status":"closed","ping_status":"closed","template":"","meta":{"_acf_changed":false,"footnotes":""},"class_list":["post-135","page","type-page","status-publish","hentry"],"acf":[],"_links":{"self":[{"href":"https:\/\/getraenke-bode.de\/index.php\/wp-json\/wp\/v2\/pages\/135","targetHints":{"allow":["GET"]}}],"collection":[{"href":"https:\/\/getraenke-bode.de\/index.php\/wp-json\/wp\/v2\/pages"}],"about":[{"href":"https:\/\/getraenke-bode.de\/index.php\/wp-json\/wp\/v2\/types\/page"}],"author":[{"embeddable":true,"href":"https:\/\/getraenke-bode.de\/index.php\/wp-json\/wp\/v2\/users\/1"}],"replies":[{"embeddable":true,"href":"https:\/\/getraenke-bode.de\/index.php\/wp-json\/wp\/v2\/comments?post=135"}],"version-history":[{"count":26,"href":"https:\/\/getraenke-bode.de\/index.php\/wp-json\/wp\/v2\/pages\/135\/revisions"}],"predecessor-version":[{"id":1137,"href":"https:\/\/getraenke-bode.de\/index.php\/wp-json\/wp\/v2\/pages\/135\/revisions\/1137"}],"wp:attachment":[{"href":"https:\/\/getraenke-bode.de\/index.php\/wp-json\/wp\/v2\/media?parent=135"}],"curies":[{"name":"wp","href":"https:\/\/api.w.org\/{rel}","templated":true}]}}